{"id":4018,"date":"2026-07-28T10:44:22","date_gmt":"2026-07-28T10:44:22","guid":{"rendered":"https:\/\/armz.pl\/?page_id=4018"},"modified":"2026-07-28T10:46:05","modified_gmt":"2026-07-28T10:46:05","slug":"dokumenty-rekrutacyjne-do-projektu-realizacja-zajec-dodatkowych-dla-przedszkolakow-mof-chrzanowa","status":"publish","type":"page","link":"https:\/\/armz.pl\/?page_id=4018","title":{"rendered":"Dokumenty rekrutacyjne do projektu \u201eRealizacja zaj\u0119\u0107 dodatkowych dla przedszkolak\u00f3w MOF Chrzanowa\u201d"},"content":{"rendered":"<p>Rekrutacja do Projektu prowadzona jest w formie\u00a0dwutygodniowych nabor\u00f3w do wyczerpania miejsc.<\/p>\n<p>Ka\u017cdy O\u015brodek Wychowania Przedszkolnego (OWP) obj\u0119ty Projektem prowadzi odr\u0119bny nab\u00f3r uczestnik\u00f3w spo\u015br\u00f3d dzieci ucz\u0119szczaj\u0105cych do danej plac\u00f3wki oraz nauczycieli. Rekrutacja prowadzona jest niezale\u017cnie w ka\u017cdym OWP, zgodnie z zasadami okre\u015blonymi w\u00a0 Regulaminie, z uwzgl\u0119dnieniem liczby miejsc przewidzianych dla danego OWP.<\/p>\n<p>Rekrutacja prowadzona b\u0119dzie w okresie realizacji projektu. Ko\u0144cowy termin naboru uzale\u017cniony b\u0119dzie od dost\u0119pno\u015bci miejsc i form wsparcia.<\/p>\n<p><strong>Dokumenty rekrutacyjne mo\u017cna sk\u0142ada\u0107 w nast\u0119puj\u0105cy spos\u00f3b:<\/strong><\/p>\n<p><strong>1. osobi\u015bcie<\/strong>:<\/p>\n<p>&#8211; w <strong>Biurze Projektu<\/strong> prowadzonym przez Lidera Projektu \u2013 Agencj\u0119 Rozwoju Ma\u0142opolski Zachodniej S.A., ul. Grunwaldzka 5, 32-500 Chrzan\u00f3w;<\/p>\n<p>&#8211; w siedzibach Partner\u00f3w Projektu:<\/p>\n<p><strong>Gmina Chrzan\u00f3w<\/strong> \u2013 Urz\u0105d Miejski w Chrzanowie, Aleja Henryka 20, 32-500 Chrzan\u00f3w,<\/p>\n<p><strong>Gmina Trzebinia<\/strong> \u2013 Trzebi\u0144skie Centrum Administracyjne, ul. \u015awi\u0119tego Stanis\u0142awa 1, 32-540 Trzebinia,<\/p>\n<p><strong>Gmina Libi\u0105\u017c<\/strong> \u2013 Urz\u0105d Miejski w Libi\u0105\u017cu, ul. Dzia\u0142kowa 1, 32-590 Libi\u0105\u017c,<\/p>\n<p><strong>Gmina Babice<\/strong> \u2013 Urz\u0105d Gminy w Babicach, ul. Krakowska 56, 32-551 Babice;<\/p>\n<p>&#8211; w O\u015brodku Wychowania Przedszkolnego prowadz\u0105cym nab\u00f3r do Projektu:<\/p>\n<p>Przedszkole Samorz\u0105dowe nr 3 z Oddzia\u0142ami Integracyjnymi w Libi\u0105\u017cu w Zespole Szkolno-Przedszkolnym z Oddzia\u0142ami Integracyjnymi w Libi\u0105\u017cu \u2013 ul. Paderewskiego 2, 32-590 Libi\u0105\u017c;<\/p>\n<p>Przedszkole Samorz\u0105dowe nr 4 im. Kubusia Puchatka w Zespole Szkolno-Przedszkolnym nr 2 w Libi\u0105\u017cu \u2013 ul. Szkolna 1, 32-590 Libi\u0105\u017c;<\/p>\n<p>Przedszkole Samorz\u0105dowe nr 1 z Oddzia\u0142ami Integracyjnymi w Libi\u0105\u017cu w Zespole Szkolno-Przedszkolnym nr 3 w Libi\u0105\u017cu \u2013 Plac Zwyci\u0119stwa 2, 32-590 Libi\u0105\u017c;<\/p>\n<p>Przedszkole Samorz\u0105dowe w Zespole Szkolno-Przedszkolnym im. Marii Konopnickiej w Gromcu \u2013 ul. Husarska 2 Gromiec, 32-590 Libi\u0105\u017c;<\/p>\n<p>Zesp\u00f3\u0142 Szk\u00f3\u0142 w \u017barkach \u2013 Przedszkole Samorz\u0105dowe w \u017barkach \u2013 ul. Astronaut\u00f3w 3, 32-593 \u017barki;<\/p>\n<p>Przedszkole Samorz\u0105dowe nr 2 w Libi\u0105\u017cu \u2013 ul. Przedszkolna 10, 32-590 Libi\u0105\u017c;<\/p>\n<p>Przedszkole Samorz\u0105dowe w Zag\u00f3rzu \u2013 ul. \u017belatowa 8, 32-555 Zag\u00f3rze;<\/p>\n<p>Przedszkole Samorz\u0105dowe w Babicach \u2013 ul. Zamkowa 3, 32-551 Babice;<\/p>\n<p>Przedszkole Samorz\u0105dowe w Olszynach \u2013 ul. Przedszkolna 4, 32-551 Babice;<\/p>\n<p>Zesp\u00f3\u0142 Szk\u00f3\u0142 w M\u0119tkowie \u2013 Przedszkole Samorz\u0105dowe w M\u0119tkowie \u2013 ul. Ks. K. Wojty\u0142y 21, 32-551 Babice;<\/p>\n<p>Zesp\u00f3\u0142 Szkolno-Przedszkolny w M\u0142oszowej \u2013 ul. Kamieniec 1, 32-540 M\u0142oszowa;<\/p>\n<p>Przedszkole Samorz\u0105dowe nr 6 im. Jana Paw\u0142a II w Trzebini \u2013 Osiedle Gaj 32, 32-540 Trzebinia;<\/p>\n<p>Przedszkole Samorz\u0105dowe nr 2 w Trzebini \u2013 ul. Ochronkowa 16, 32-540 Trzebinia;<\/p>\n<p>Oddzia\u0142y przedszkolne przy Szkole Podstawowej nr 6 im. Jana Paw\u0142a II w Chrzanowie \u2013 ul. Dworska 5, 32-500 Chrzan\u00f3w;<\/p>\n<p>Przedszkole Samorz\u0105dowe nr 4 w Chrzanowie \u2013 ul. Kardyna\u0142a Stefana Wyszy\u0144skiego 5, 32-500 Chrzan\u00f3w;<\/p>\n<p>Przedszkole Samorz\u0105dowe nr 5 w Chrzanowie \u2013 ul. Genera\u0142a Tadeusza Ko\u015bciuszki 27, 32-500 Chrzan\u00f3w;<\/p>\n<p><strong>2. za po\u015brednictwem operatora pocztowego<\/strong> na adres Biura Projektu lub w\u0142a\u015bciwego Partnera Projektu albo O\u015brodka Wychowania Przedszkolnego prowadz\u0105cego nab\u00f3r;<\/p>\n<p><strong>3. w formie elektronicznej<\/strong> na adres poczty elektronicznej:<\/p>\n<ul>\n<li style=\"list-style-type: none;\">\n<ul>\n<li>Lidera Projektu \u2013 k.szlachcic@armz.pl;<\/li>\n<li>Gminy Chrzan\u00f3w \u2013 przedszkolakimof@chrzanow.pl;<\/li>\n<li>Gminy Trzebinia \u2013 sekretariat@tca.trzebinia.pl;<\/li>\n<li>Gminy Libi\u0105\u017c \u2013 urzad@libiaz.pl;<\/li>\n<li>Gminy Babice \u2013 gzosip@babice.pl;<\/li>\n<li>w\u0142a\u015bciwego O\u015brodka Wychowania Przedszkolnego prowadz\u0105cego nab\u00f3r \u2013 zgodnie z adresem poczty elektronicznej opublikowanym w og\u0142oszeniu o naborze na stronie danego OWP.<\/li>\n<\/ul>\n<\/li>\n<\/ul>\n<p><strong>Dokumenty do pobrania:<\/strong><\/p>\n<p><a href=\"https:\/\/armz.pl\/wp-content\/uploads\/2026\/07\/Regulamin-zajecia-dodatkowe.docx\">Regulamin rekrutacji i uczestnictwa w projekcie<\/a><\/p>\n<h3 class=\"PDq2pG_selectionAnchorContainer\" data-section-id=\"4uwjel\" data-start=\"135\" data-end=\"151\"><strong><span style=\"font-size: 16px;\">Gmina Libi\u0105\u017c<\/span><\/strong><\/h3>\n<h4 data-start=\"153\" data-end=\"294\"><span style=\"font-size: 14px;\">Przedszkole Samorz\u0105dowe nr 3 z Oddzia\u0142ami Integracyjnymi w Libi\u0105\u017cu w Zespole Szkolno-Przedszkolnym z Oddzia\u0142ami Integracyjnymi w Libi\u0105\u017cu, <\/span><\/h4>\n<h4 data-start=\"153\" data-end=\"294\"><span style=\"font-size: 14px;\"><strong data-start=\"295\" data-end=\"305\">Adres:<\/strong> ul. Paderewskiego 2, 32-590 Libi\u0105\u017c<\/span><\/h4>\n<p data-start=\"342\" data-end=\"512\"><span style=\"font-size: 14px;\"><strong data-start=\"342\" data-end=\"385\">Dokumenty rekrutacyjne dla nauczycieli:<\/strong><\/span><br \/>\n<a href=\"https:\/\/armz.pl\/wp-content\/uploads\/2026\/07\/formularz-rekrutacyjny-nauczyciele.docx\">formularz rekrutacyjny &#8211; nauczyciele<\/a><\/p>\n<p data-start=\"342\" data-end=\"512\"><a href=\"https:\/\/armz.pl\/wp-content\/uploads\/2026\/07\/oswiadczenie-RODO-nauczyciele.docx\">o\u015bwiadczenie RODO &#8211; nauczyciele<\/a><\/p>\n<p data-start=\"514\" data-end=\"679\"><span style=\"font-size: 14px;\"><strong data-start=\"514\" data-end=\"552\">Dokumenty rekrutacyjne dla dzieci:<\/strong><\/span><br \/>\n<a href=\"https:\/\/armz.pl\/wp-content\/uploads\/2026\/07\/Formularz-rekrutacyjny-dzieci.docx\">Formularz rekrutacyjny &#8211; dzieci<\/a><\/p>\n<p data-start=\"514\" data-end=\"679\"><a href=\"https:\/\/armz.pl\/wp-content\/uploads\/2026\/07\/oswiadczenie-RODO.docx\">o\u015bwiadczenie RODO<\/a><\/p>\n<hr data-start=\"681\" data-end=\"684\" \/>\n<h4 data-start=\"686\" data-end=\"787\"><span style=\"font-size: 14px;\">Przedszkole Samorz\u0105dowe nr 4 im. Kubusia Puchatka w Zespole Szkolno-Przedszkolnym nr 2 w Libi\u0105\u017cu<\/span><\/h4>\n<p data-start=\"788\" data-end=\"827\"><span style=\"font-size: 14px;\"><strong data-start=\"788\" data-end=\"798\">Adres:<\/strong> ul. Szkolna 1, 32-590 Libi\u0105\u017c<\/span><\/p>\n<p data-start=\"829\" data-end=\"999\"><span style=\"font-size: 14px;\"><strong data-start=\"829\" data-end=\"872\">Dokumenty rekrutacyjne dla nauczycieli:<\/strong><\/span><br \/>\n<a href=\"https:\/\/armz.pl\/wp-content\/uploads\/2026\/07\/formularz-rekrutacyjny-nauczyciele-1.docx\">formularz rekrutacyjny &#8211; nauczyciele<\/a><\/p>\n<p data-start=\"829\" data-end=\"999\"><a href=\"https:\/\/armz.pl\/wp-content\/uploads\/2026\/07\/oswiadczenie-RODO-nauczyciele-1.docx\">o\u015bwiadczenie RODO &#8211; nauczyciele<\/a><\/p>\n<p data-start=\"1001\" data-end=\"1166\"><span style=\"font-size: 14px;\"><strong data-start=\"1001\" data-end=\"1039\">Dokumenty rekrutacyjne dla dzieci:<\/strong><\/span><br \/>\n<a href=\"https:\/\/armz.pl\/wp-content\/uploads\/2026\/07\/Formularz-rekrutacyjny-dzieci-1.docx\">Formularz rekrutacyjny &#8211; dzieci<\/a><\/p>\n<p data-start=\"1001\" data-end=\"1166\"><a href=\"https:\/\/armz.pl\/wp-content\/uploads\/2026\/07\/oswiadczenie-RODO-1.docx\">o\u015bwiadczenie RODO<\/a><\/p>\n<hr data-start=\"1168\" data-end=\"1171\" \/>\n<h4 data-start=\"1173\" data-end=\"1291\"><span style=\"font-size: 14px;\">Przedszkole Samorz\u0105dowe nr 1 z Oddzia\u0142ami Integracyjnymi w Libi\u0105\u017cu w Zespole Szkolno-Przedszkolnym nr 3 w Libi\u0105\u017cu<\/span><\/h4>\n<p data-start=\"1292\" data-end=\"1335\"><span style=\"font-size: 14px;\"><strong data-start=\"1292\" data-end=\"1302\">Adres:<\/strong> Plac Zwyci\u0119stwa 2, 32-590 Libi\u0105\u017c<\/span><\/p>\n<p data-start=\"1337\" data-end=\"1507\"><span style=\"font-size: 14px;\"><strong data-start=\"1337\" data-end=\"1380\">Dokumenty rekrutacyjne dla nauczycieli:<\/strong><\/span><br \/>\n<a href=\"https:\/\/armz.pl\/wp-content\/uploads\/2026\/07\/formularz-rekrutacyjny-nauczyciele-2.docx\">formularz rekrutacyjny &#8211; nauczyciele<\/a><\/p>\n<p data-start=\"1337\" data-end=\"1507\"><a href=\"https:\/\/armz.pl\/wp-content\/uploads\/2026\/07\/oswiadczenie-RODO-nauczyciele-2.docx\">o\u015bwiadczenie RODO &#8211; nauczyciele<\/a><\/p>\n<p data-start=\"1509\" data-end=\"1674\"><span style=\"font-size: 14px;\"><strong data-start=\"1509\" data-end=\"1547\">Dokumenty rekrutacyjne dla dzieci:<\/strong><\/span><br \/>\n<a href=\"https:\/\/armz.pl\/wp-content\/uploads\/2026\/07\/Formularz-rekrutacyjny-dzieci-2.docx\">Formularz rekrutacyjny &#8211; dzieci<\/a><\/p>\n<p data-start=\"1509\" data-end=\"1674\"><a href=\"https:\/\/armz.pl\/wp-content\/uploads\/2026\/07\/oswiadczenie-RODO-2.docx\">o\u015bwiadczenie RODO<\/a><\/p>\n<hr data-start=\"1676\" data-end=\"1679\" \/>\n<h4 data-start=\"1681\" data-end=\"1773\"><span style=\"font-size: 14px;\">Przedszkole Samorz\u0105dowe w Zespole Szkolno-Przedszkolnym im. Marii Konopnickiej w Gromcu<\/span><\/h4>\n<p data-start=\"1774\" data-end=\"1823\"><span style=\"font-size: 14px;\"><strong data-start=\"1774\" data-end=\"1784\">Adres:<\/strong> ul. Husarska 2, Gromiec, 32-590 Libi\u0105\u017c<\/span><\/p>\n<p data-start=\"1825\" data-end=\"1995\"><span style=\"font-size: 14px;\"><strong data-start=\"1825\" data-end=\"1868\">Dokumenty rekrutacyjne dla nauczycieli:<\/strong><\/span><br \/>\n<a href=\"https:\/\/armz.pl\/wp-content\/uploads\/2026\/07\/formularz-rekrutacyjny-nauczyciele-3.docx\">formularz rekrutacyjny &#8211; nauczyciele<\/a><\/p>\n<p data-start=\"1825\" data-end=\"1995\"><a href=\"https:\/\/armz.pl\/wp-content\/uploads\/2026\/07\/oswiadczenie-RODO-nauczyciele-3.docx\">o\u015bwiadczenie RODO &#8211; nauczyciele<\/a><\/p>\n<p data-start=\"1997\" data-end=\"2162\"><span style=\"font-size: 14px;\"><strong data-start=\"1997\" data-end=\"2035\">Dokumenty rekrutacyjne dla dzieci:<\/strong><\/span><br \/>\n<a href=\"https:\/\/armz.pl\/wp-content\/uploads\/2026\/07\/Formularz-rekrutacyjny-dzieci-3.docx\">Formularz rekrutacyjny &#8211; dzieci<\/a><\/p>\n<p data-start=\"1997\" data-end=\"2162\"><a href=\"https:\/\/armz.pl\/wp-content\/uploads\/2026\/07\/oswiadczenie-RODO-3.docx\">o\u015bwiadczenie RODO<\/a><\/p>\n<hr data-start=\"2164\" data-end=\"2167\" \/>\n<h4 data-start=\"2169\" data-end=\"2232\"><span style=\"font-size: 14px;\">Zesp\u00f3\u0142 Szk\u00f3\u0142 w \u017barkach \u2013 Przedszkole Samorz\u0105dowe w \u017barkach<\/span><\/h4>\n<p data-start=\"2233\" data-end=\"2275\"><span style=\"font-size: 14px;\"><strong data-start=\"2233\" data-end=\"2243\">Adres:<\/strong> ul. Astronaut\u00f3w 3, 32-593 \u017barki<\/span><\/p>\n<p data-start=\"2277\" data-end=\"2447\"><span style=\"font-size: 14px;\"><strong data-start=\"2277\" data-end=\"2320\">Dokumenty rekrutacyjne dla nauczycieli:<\/strong><\/span><br \/>\n<a href=\"https:\/\/armz.pl\/wp-content\/uploads\/2026\/07\/formularz-rekrutacyjny-nauczyciele-4.docx\">formularz rekrutacyjny &#8211; nauczyciele<\/a><\/p>\n<p data-start=\"2277\" data-end=\"2447\"><a href=\"https:\/\/armz.pl\/wp-content\/uploads\/2026\/07\/oswiadczenie-RODO-nauczyciele-4.docx\">o\u015bwiadczenie RODO &#8211; nauczyciele<\/a><\/p>\n<p data-start=\"2449\" data-end=\"2614\"><span style=\"font-size: 14px;\"><strong data-start=\"2449\" data-end=\"2487\">Dokumenty rekrutacyjne dla dzieci:<\/strong><\/span><br \/>\n<a href=\"https:\/\/armz.pl\/wp-content\/uploads\/2026\/07\/Formularz-rekrutacyjny-dzieci-4.docx\">Formularz rekrutacyjny &#8211; dzieci<\/a><\/p>\n<p data-start=\"2449\" data-end=\"2614\"><a href=\"https:\/\/armz.pl\/wp-content\/uploads\/2026\/07\/oswiadczenie-RODO-4.docx\">o\u015bwiadczenie RODO<\/a><\/p>\n<hr data-start=\"2616\" data-end=\"2619\" \/>\n<h4 data-start=\"2621\" data-end=\"2664\"><span style=\"font-size: 14px;\">Przedszkole Samorz\u0105dowe nr 2 w Libi\u0105\u017cu<\/span><\/h4>\n<p data-start=\"2665\" data-end=\"2710\"><span style=\"font-size: 14px;\"><strong data-start=\"2665\" data-end=\"2675\">Adres:<\/strong> ul. Przedszkolna 10, 32-590 Libi\u0105\u017c<\/span><\/p>\n<p data-start=\"2712\" data-end=\"2882\"><span style=\"font-size: 14px;\"><strong data-start=\"2712\" data-end=\"2755\">Dokumenty rekrutacyjne dla nauczycieli:<\/strong><\/span><br \/>\n<a href=\"https:\/\/armz.pl\/wp-content\/uploads\/2026\/07\/formularz-rekrutacyjny-nauczyciele-5.docx\">formularz rekrutacyjny &#8211; nauczyciele<\/a><\/p>\n<p data-start=\"2712\" data-end=\"2882\"><a href=\"https:\/\/armz.pl\/wp-content\/uploads\/2026\/07\/oswiadczenie-RODO-nauczyciele-5.docx\">o\u015bwiadczenie RODO &#8211; nauczyciele<\/a><\/p>\n<p data-start=\"2884\" data-end=\"3049\"><span style=\"font-size: 14px;\"><strong data-start=\"2884\" data-end=\"2922\">Dokumenty rekrutacyjne dla dzieci:<\/strong><\/span><br \/>\n<a href=\"https:\/\/armz.pl\/wp-content\/uploads\/2026\/07\/Formularz-rekrutacyjny-dzieci-5.docx\">Formularz rekrutacyjny &#8211; dzieci<\/a><\/p>\n<p data-start=\"2884\" data-end=\"3049\"><a href=\"https:\/\/armz.pl\/wp-content\/uploads\/2026\/07\/oswiadczenie-RODO-5.docx\">o\u015bwiadczenie RODO<\/a><\/p>\n<hr data-start=\"3051\" data-end=\"3054\" \/>\n<h1 data-section-id=\"8lftlw\" data-start=\"3056\" data-end=\"3070\"><span style=\"font-size: 16px;\"><strong>Gmina Babice<\/strong><\/span><\/h1>\n<h4 data-start=\"3072\" data-end=\"3110\"><span style=\"font-size: 14px;\">Przedszkole Samorz\u0105dowe w Zag\u00f3rzu<\/span><\/h4>\n<p data-start=\"3111\" data-end=\"3152\"><span style=\"font-size: 14px;\"><strong data-start=\"3111\" data-end=\"3121\">Adres:<\/strong> ul. \u017belatowa 8, 32-555 Zag\u00f3rze<\/span><\/p>\n<p data-start=\"3154\" data-end=\"3324\"><span style=\"font-size: 14px;\"><strong data-start=\"3154\" data-end=\"3197\">Dokumenty rekrutacyjne dla nauczycieli:<\/strong><\/span><br \/>\n<a href=\"https:\/\/armz.pl\/wp-content\/uploads\/2026\/07\/formularz-rekrutacyjny-nauczyciele-6.docx\">formularz rekrutacyjny &#8211; nauczyciele<\/a><\/p>\n<p data-start=\"3154\" data-end=\"3324\"><a href=\"https:\/\/armz.pl\/wp-content\/uploads\/2026\/07\/oswiadczenie-RODO-nauczyciele-6.docx\">o\u015bwiadczenie RODO &#8211; nauczyciele<\/a><\/p>\n<p data-start=\"3326\" data-end=\"3491\"><span style=\"font-size: 14px;\"><strong data-start=\"3326\" data-end=\"3364\">Dokumenty rekrutacyjne dla dzieci:<\/strong><\/span><br \/>\n<a href=\"https:\/\/armz.pl\/wp-content\/uploads\/2026\/07\/Formularz-rekrutacyjny-dzieci-6.docx\">Formularz rekrutacyjny &#8211; dzieci<\/a><\/p>\n<p data-start=\"3326\" data-end=\"3491\"><a href=\"https:\/\/armz.pl\/wp-content\/uploads\/2026\/07\/oswiadczenie-RODO-6.docx\">o\u015bwiadczenie RODO<\/a><\/p>\n<hr data-start=\"3493\" data-end=\"3496\" \/>\n<h4 data-start=\"3498\" data-end=\"3537\"><span style=\"font-size: 14px;\">Przedszkole Samorz\u0105dowe w Babicach<\/span><\/h4>\n<p data-start=\"3538\" data-end=\"3577\"><span style=\"font-size: 14px;\"><strong data-start=\"3538\" data-end=\"3548\">Adres:<\/strong> ul. Zamkowa 3, 32-551 Babice<\/span><\/p>\n<p data-start=\"3579\" data-end=\"3749\"><span style=\"font-size: 14px;\"><strong data-start=\"3579\" data-end=\"3622\">Dokumenty rekrutacyjne dla nauczycieli:<\/strong><\/span><br \/>\n<a href=\"https:\/\/armz.pl\/wp-content\/uploads\/2026\/07\/formularz-rekrutacyjny-nauczyciele-7.docx\">formularz rekrutacyjny &#8211; nauczyciele<\/a><\/p>\n<p data-start=\"3579\" data-end=\"3749\"><a href=\"https:\/\/armz.pl\/wp-content\/uploads\/2026\/07\/oswiadczenie-RODO-nauczyciele-7.docx\">o\u015bwiadczenie RODO &#8211; nauczyciele<\/a><\/p>\n<p data-start=\"3751\" data-end=\"3916\"><span style=\"font-size: 14px;\"><strong data-start=\"3751\" data-end=\"3789\">Dokumenty rekrutacyjne dla dzieci:<\/strong><\/span><br \/>\n<a href=\"https:\/\/armz.pl\/wp-content\/uploads\/2026\/07\/Formularz-rekrutacyjny-dzieci-7.docx\">Formularz rekrutacyjny &#8211; dzieci<\/a><\/p>\n<p data-start=\"3751\" data-end=\"3916\"><a href=\"https:\/\/armz.pl\/wp-content\/uploads\/2026\/07\/oswiadczenie-RODO-7.docx\">o\u015bwiadczenie RODO<\/a><\/p>\n<hr data-start=\"3918\" data-end=\"3921\" \/>\n<h4 data-start=\"3923\" data-end=\"3963\"><span style=\"font-size: 14px;\">Przedszkole Samorz\u0105dowe w Olszynach<\/span><\/h4>\n<p data-start=\"3964\" data-end=\"4008\"><span style=\"font-size: 14px;\"><strong data-start=\"3964\" data-end=\"3974\">Adres:<\/strong> ul. Przedszkolna 4, 32-551 Babice<\/span><\/p>\n<p data-start=\"4010\" data-end=\"4180\"><span style=\"font-size: 14px;\"><strong data-start=\"4010\" data-end=\"4053\">Dokumenty rekrutacyjne dla nauczycieli:<\/strong><\/span><br \/>\n<a href=\"https:\/\/armz.pl\/wp-content\/uploads\/2026\/07\/formularz-rekrutacyjny-nauczyciele-8.docx\">formularz rekrutacyjny &#8211; nauczyciele<\/a><\/p>\n<p data-start=\"4010\" data-end=\"4180\"><a href=\"https:\/\/armz.pl\/wp-content\/uploads\/2026\/07\/oswiadczenie-RODO-nauczyciele-8.docx\">o\u015bwiadczenie RODO &#8211; nauczyciele<\/a><\/p>\n<p data-start=\"4182\" data-end=\"4347\"><span style=\"font-size: 14px;\"><strong data-start=\"4182\" data-end=\"4220\">Dokumenty rekrutacyjne dla dzieci:<\/strong><\/span><br \/>\n<a href=\"https:\/\/armz.pl\/wp-content\/uploads\/2026\/07\/Formularz-rekrutacyjny-dzieci-8.docx\">Formularz rekrutacyjny &#8211; dzieci<\/a><\/p>\n<p data-start=\"4182\" data-end=\"4347\"><a href=\"https:\/\/armz.pl\/wp-content\/uploads\/2026\/07\/oswiadczenie-RODO-8.docx\">o\u015bwiadczenie RODO<\/a><\/p>\n<hr data-start=\"4349\" data-end=\"4352\" \/>\n<h4 data-start=\"4354\" data-end=\"4419\"><span style=\"font-size: 14px;\">Zesp\u00f3\u0142 Szk\u00f3\u0142 w M\u0119tkowie \u2013 Przedszkole Samorz\u0105dowe w M\u0119tkowie<\/span><\/h4>\n<p data-start=\"4420\" data-end=\"4467\"><span style=\"font-size: 14px;\"><strong data-start=\"4420\" data-end=\"4430\">Adres:<\/strong> ul. Ks. K. Wojty\u0142y 21, 32-551 Babice<\/span><\/p>\n<p data-start=\"4469\" data-end=\"4639\"><span style=\"font-size: 14px;\"><strong data-start=\"4469\" data-end=\"4512\">Dokumenty rekrutacyjne dla nauczycieli:<\/strong><\/span><br \/>\n<a href=\"https:\/\/armz.pl\/wp-content\/uploads\/2026\/07\/formularz-rekrutacyjny-nauczyciele-9.docx\">formularz rekrutacyjny &#8211; nauczyciele<\/a><\/p>\n<p data-start=\"4469\" data-end=\"4639\"><a href=\"https:\/\/armz.pl\/wp-content\/uploads\/2026\/07\/oswiadczenie-RODO-nauczyciele-9.docx\">o\u015bwiadczenie RODO &#8211; nauczyciele<\/a><\/p>\n<p data-start=\"4641\" data-end=\"4806\"><span style=\"font-size: 14px;\"><strong data-start=\"4641\" data-end=\"4679\">Dokumenty rekrutacyjne dla dzieci:<\/strong><\/span><br \/>\n<a href=\"https:\/\/armz.pl\/wp-content\/uploads\/2026\/07\/Formularz-rekrutacyjny-dzieci-9.docx\">Formularz rekrutacyjny &#8211; dzieci<\/a><\/p>\n<p data-start=\"4641\" data-end=\"4806\"><a href=\"https:\/\/armz.pl\/wp-content\/uploads\/2026\/07\/oswiadczenie-RODO-9.docx\">o\u015bwiadczenie RODO<\/a><\/p>\n<hr data-start=\"4808\" data-end=\"4811\" \/>\n<h1 data-section-id=\"zzs3mm\" data-start=\"4813\" data-end=\"4830\"><strong><span style=\"font-size: 16px;\">Gmina Trzebinia<\/span><\/strong><\/h1>\n<h4 data-start=\"4832\" data-end=\"4876\"><span style=\"font-size: 14px;\">Zesp\u00f3\u0142 Szkolno-Przedszkolny w M\u0142oszowej<\/span><\/h4>\n<p data-start=\"4877\" data-end=\"4920\"><span style=\"font-size: 14px;\"><strong data-start=\"4877\" data-end=\"4887\">Adres:<\/strong> ul. Kamieniec 1, 32-540 M\u0142oszowa<\/span><\/p>\n<p data-start=\"4922\" data-end=\"5092\"><span style=\"font-size: 14px;\"><strong data-start=\"4922\" data-end=\"4965\">Dokumenty rekrutacyjne dla nauczycieli:<\/strong><\/span><br \/>\n<a href=\"https:\/\/armz.pl\/wp-content\/uploads\/2026\/07\/formularz-rekrutacyjny-nauczyciele-10.docx\">formularz rekrutacyjny &#8211; nauczyciele<\/a><\/p>\n<p data-start=\"4922\" data-end=\"5092\"><a href=\"https:\/\/armz.pl\/wp-content\/uploads\/2026\/07\/oswiadczenie-RODO-nauczyciele-10.docx\">o\u015bwiadczenie RODO &#8211; nauczyciele<\/a><\/p>\n<p data-start=\"5094\" data-end=\"5259\"><span style=\"font-size: 14px;\"><strong data-start=\"5094\" data-end=\"5132\">Dokumenty rekrutacyjne dla dzieci:<\/strong><\/span><br \/>\n<a href=\"https:\/\/armz.pl\/wp-content\/uploads\/2026\/07\/Formularz-rekrutacyjny-dzieci-10.docx\">Formularz rekrutacyjny &#8211; dzieci<\/a><\/p>\n<p data-start=\"5094\" data-end=\"5259\"><a href=\"https:\/\/armz.pl\/wp-content\/uploads\/2026\/07\/oswiadczenie-RODO-10.docx\">o\u015bwiadczenie RODO<\/a><\/p>\n<hr data-start=\"5261\" data-end=\"5264\" \/>\n<h4 data-start=\"5266\" data-end=\"5328\"><span style=\"font-size: 14px;\">Przedszkole Samorz\u0105dowe nr 6 im. Jana Paw\u0142a II w Trzebini<\/span><\/h4>\n<p data-start=\"5329\" data-end=\"5372\"><span style=\"font-size: 14px;\"><strong data-start=\"5329\" data-end=\"5339\">Adres:<\/strong> Osiedle Gaj 32, 32-540 Trzebinia<\/span><\/p>\n<p data-start=\"5374\" data-end=\"5544\"><span style=\"font-size: 14px;\"><strong data-start=\"5374\" data-end=\"5417\">Dokumenty rekrutacyjne dla nauczycieli:<\/strong><\/span><br \/>\n<a href=\"https:\/\/armz.pl\/wp-content\/uploads\/2026\/07\/formularz-rekrutacyjny-nauczyciele-11.docx\">formularz rekrutacyjny &#8211; nauczyciele<\/a><\/p>\n<p data-start=\"5374\" data-end=\"5544\"><a href=\"https:\/\/armz.pl\/wp-content\/uploads\/2026\/07\/oswiadczenie-RODO-nauczyciele-11.docx\">o\u015bwiadczenie RODO &#8211; nauczyciele<\/a><\/p>\n<p data-start=\"5546\" data-end=\"5711\"><span style=\"font-size: 14px;\"><strong data-start=\"5546\" data-end=\"5584\">Dokumenty rekrutacyjne dla dzieci:<\/strong><\/span><br \/>\n<a href=\"https:\/\/armz.pl\/wp-content\/uploads\/2026\/07\/Formularz-rekrutacyjny-dzieci-11.docx\">Formularz rekrutacyjny &#8211; dzieci<\/a><\/p>\n<p data-start=\"5546\" data-end=\"5711\"><a href=\"https:\/\/armz.pl\/wp-content\/uploads\/2026\/07\/oswiadczenie-RODO-11.docx\">o\u015bwiadczenie RODO<\/a><\/p>\n<hr data-start=\"5713\" data-end=\"5716\" \/>\n<h4 data-start=\"5718\" data-end=\"5762\"><span style=\"font-size: 14px;\">Przedszkole Samorz\u0105dowe nr 2 w Trzebini<\/span><\/h4>\n<p data-start=\"5763\" data-end=\"5809\"><span style=\"font-size: 14px;\"><strong data-start=\"5763\" data-end=\"5773\">Adres:<\/strong> ul. Ochronkowa 16, 32-540 Trzebinia<\/span><\/p>\n<p data-start=\"5811\" data-end=\"5981\"><span style=\"font-size: 14px;\"><strong data-start=\"5811\" data-end=\"5854\">Dokumenty rekrutacyjne dla nauczycieli:<\/strong><\/span><br \/>\n<a href=\"https:\/\/armz.pl\/wp-content\/uploads\/2026\/07\/formularz-rekrutacyjny-nauczyciele-12.docx\">formularz rekrutacyjny &#8211; nauczyciele<\/a><\/p>\n<p data-start=\"5811\" data-end=\"5981\"><a href=\"https:\/\/armz.pl\/wp-content\/uploads\/2026\/07\/oswiadczenie-RODO-nauczyciele-12.docx\">o\u015bwiadczenie RODO &#8211; nauczyciele<\/a><\/p>\n<p data-start=\"5983\" data-end=\"6148\"><span style=\"font-size: 14px;\"><strong data-start=\"5983\" data-end=\"6021\">Dokumenty rekrutacyjne dla dzieci:<\/strong><\/span><br \/>\n<a href=\"https:\/\/armz.pl\/wp-content\/uploads\/2026\/07\/Formularz-rekrutacyjny-dzieci-12.docx\">Formularz rekrutacyjny &#8211; dzieci<\/a><\/p>\n<p data-start=\"5983\" data-end=\"6148\"><a href=\"https:\/\/armz.pl\/wp-content\/uploads\/2026\/07\/oswiadczenie-RODO-12.docx\">o\u015bwiadczenie RODO<\/a><\/p>\n<hr data-start=\"6150\" data-end=\"6153\" \/>\n<h1 data-section-id=\"123ezoi\" data-start=\"6155\" data-end=\"6171\"><strong><span style=\"font-size: 16px;\">Gmina Chrzan\u00f3w<\/span><\/strong><\/h1>\n<h4 data-start=\"6173\" data-end=\"6259\"><span style=\"font-size: 14px;\">Oddzia\u0142y przedszkolne przy Szkole Podstawowej nr 6 im. Jana Paw\u0142a II w Chrzanowie<\/span><\/h4>\n<p data-start=\"6260\" data-end=\"6301\"><span style=\"font-size: 14px;\"><strong data-start=\"6260\" data-end=\"6270\">Adres:<\/strong> ul. Dworska 5, 32-500 Chrzan\u00f3w<\/span><\/p>\n<p data-start=\"6303\" data-end=\"6473\"><span style=\"font-size: 14px;\"><strong data-start=\"6303\" data-end=\"6346\">Dokumenty rekrutacyjne dla nauczycieli:<\/strong><\/span><br \/>\n<a href=\"https:\/\/armz.pl\/wp-content\/uploads\/2026\/07\/formularz-rekrutacyjny-nauczyciele-13.docx\">formularz rekrutacyjny &#8211; nauczyciele<\/a><\/p>\n<p data-start=\"6303\" data-end=\"6473\"><a href=\"https:\/\/armz.pl\/wp-content\/uploads\/2026\/07\/oswiadczenie-RODO-nauczyciele-13.docx\">o\u015bwiadczenie RODO &#8211; nauczyciele<\/a><\/p>\n<p data-start=\"6475\" data-end=\"6640\"><span style=\"font-size: 14px;\"><strong data-start=\"6475\" data-end=\"6513\">Dokumenty rekrutacyjne dla dzieci:<\/strong><\/span><br \/>\n<a href=\"https:\/\/armz.pl\/wp-content\/uploads\/2026\/07\/Formularz-rekrutacyjny-dzieci-13.docx\">Formularz rekrutacyjny &#8211; dzieci<\/a><\/p>\n<p data-start=\"6475\" data-end=\"6640\"><a href=\"https:\/\/armz.pl\/wp-content\/uploads\/2026\/07\/oswiadczenie-RODO-13.docx\">o\u015bwiadczenie RODO<\/a><\/p>\n<hr data-start=\"6642\" data-end=\"6645\" \/>\n<h4 data-start=\"6647\" data-end=\"6693\"><span style=\"font-size: 14px;\">Przedszkole Samorz\u0105dowe nr 4 w Chrzanowie<\/span><\/h4>\n<p data-start=\"6694\" data-end=\"6758\"><span style=\"font-size: 14px;\"><strong data-start=\"6694\" data-end=\"6704\">Adres:<\/strong> ul. Kardyna\u0142a Stefana Wyszy\u0144skiego 5, 32-500 Chrzan\u00f3w<\/span><\/p>\n<p data-start=\"6760\" data-end=\"6930\"><span style=\"font-size: 14px;\"><strong data-start=\"6760\" data-end=\"6803\">Dokumenty rekrutacyjne dla nauczycieli:<\/strong><\/span><br \/>\n<a href=\"https:\/\/armz.pl\/wp-content\/uploads\/2026\/07\/formularz-rekrutacyjny-nauczyciele-14.docx\">formularz rekrutacyjny &#8211; nauczyciele<\/a><\/p>\n<p data-start=\"6760\" data-end=\"6930\"><a href=\"https:\/\/armz.pl\/wp-content\/uploads\/2026\/07\/oswiadczenie-RODO-nauczyciele-14.docx\">o\u015bwiadczenie RODO &#8211; nauczyciele<\/a><\/p>\n<p data-start=\"6932\" data-end=\"7097\"><span style=\"font-size: 14px;\"><strong data-start=\"6932\" data-end=\"6970\">Dokumenty rekrutacyjne dla dzieci:<\/strong><\/span><br \/>\n<a href=\"https:\/\/armz.pl\/wp-content\/uploads\/2026\/07\/Formularz-rekrutacyjny-dzieci-14.docx\">Formularz rekrutacyjny &#8211; dzieci<\/a><\/p>\n<p data-start=\"6932\" data-end=\"7097\"><a href=\"https:\/\/armz.pl\/wp-content\/uploads\/2026\/07\/oswiadczenie-RODO-14.docx\">o\u015bwiadczenie RODO<\/a><\/p>\n<hr data-start=\"7099\" data-end=\"7102\" \/>\n<h4 data-start=\"7104\" data-end=\"7150\"><span style=\"font-size: 14px;\">Przedszkole Samorz\u0105dowe nr 5 w Chrzanowie<\/span><\/h4>\n<p data-start=\"7151\" data-end=\"7214\"><span style=\"font-size: 14px;\"><strong data-start=\"7151\" data-end=\"7161\">Adres:<\/strong> ul. Genera\u0142a Tadeusza Ko\u015bciuszki 27, 32-500 Chrzan\u00f3w<\/span><\/p>\n<p data-start=\"7216\" data-end=\"7386\"><span style=\"font-size: 14px;\"><strong data-start=\"7216\" data-end=\"7259\">Dokumenty rekrutacyjne dla nauczycieli:<\/strong><\/span><br \/>\n<a href=\"https:\/\/armz.pl\/wp-content\/uploads\/2026\/07\/formularz-rekrutacyjny-nauczyciele-15.docx\">formularz rekrutacyjny &#8211; nauczyciele<\/a><\/p>\n<p data-start=\"7216\" data-end=\"7386\"><a href=\"https:\/\/armz.pl\/wp-content\/uploads\/2026\/07\/oswiadczenie-RODO-nauczyciele-15.docx\">o\u015bwiadczenie RODO &#8211; nauczyciele<\/a><\/p>\n<p data-start=\"7388\" data-end=\"7553\"><span style=\"font-size: 14px;\"><strong data-start=\"7388\" data-end=\"7426\">Dokumenty rekrutacyjne dla dzieci:<\/strong><\/span><br \/>\n<a href=\"https:\/\/armz.pl\/wp-content\/uploads\/2026\/07\/Formularz-rekrutacyjny-dzieci-15.docx\">Formularz rekrutacyjny &#8211; dzieci<\/a><\/p>\n<p data-start=\"7388\" data-end=\"7553\"><a href=\"https:\/\/armz.pl\/wp-content\/uploads\/2026\/07\/oswiadczenie-RODO-15.docx\">o\u015bwiadczenie RODO<\/a><\/p>\n<p>&nbsp;<\/p>\n","protected":false},"excerpt":{"rendered":"<p>Rekrutacja do Projektu prowadzona jest w formie\u00a0dwutygodniowych nabor\u00f3w do wyczerpania miejsc. Ka\u017cdy O\u015brodek Wychowania Przedszkolnego (OWP)<\/p>\n","protected":false},"author":2,"featured_media":0,"parent":0,"menu_order":0,"comment_status":"closed","ping_status":"closed","template":"","meta":{"footnotes":""},"class_list":["post-4018","page","type-page","status-publish","hentry"],"_links":{"self":[{"href":"https:\/\/armz.pl\/index.php?rest_route=\/wp\/v2\/pages\/4018","targetHints":{"allow":["GET"]}}],"collection":[{"href":"https:\/\/armz.pl\/index.php?rest_route=\/wp\/v2\/pages"}],"about":[{"href":"https:\/\/armz.pl\/index.php?rest_route=\/wp\/v2\/types\/page"}],"author":[{"embeddable":true,"href":"https:\/\/armz.pl\/index.php?rest_route=\/wp\/v2\/users\/2"}],"replies":[{"embeddable":true,"href":"https:\/\/armz.pl\/index.php?rest_route=%2Fwp%2Fv2%2Fcomments&post=4018"}],"version-history":[{"count":2,"href":"https:\/\/armz.pl\/index.php?rest_route=\/wp\/v2\/pages\/4018\/revisions"}],"predecessor-version":[{"id":4086,"href":"https:\/\/armz.pl\/index.php?rest_route=\/wp\/v2\/pages\/4018\/revisions\/4086"}],"wp:attachment":[{"href":"https:\/\/armz.pl\/index.php?rest_route=%2Fwp%2Fv2%2Fmedia&parent=4018"}],"curies":[{"name":"wp","href":"https:\/\/api.w.org\/{rel}","templated":true}]}}