{"id":2546,"date":"2022-11-23T08:57:19","date_gmt":"2022-11-23T08:57:19","guid":{"rendered":"https:\/\/armz.pl\/?page_id=2546"},"modified":"2025-04-04T10:14:35","modified_gmt":"2025-04-04T10:14:35","slug":"pozyczka-antykryzysowa-react-eu-2","status":"publish","type":"page","link":"https:\/\/armz.pl\/?page_id=2546","title":{"rendered":"Po\u017cyczka Antykryzysowa REACT-EU"},"content":{"rendered":"<h1 style=\"text-align: center;\"><strong>Po\u017cyczka Antykryzysowa REACT-EU<\/strong><\/h1>\n<p><img loading=\"lazy\" decoding=\"async\" class=\"aligncenter wp-image-2565 size-full\" title=\"Nag\u0142\u00f3wek z logami: Fundusze Europejskie Program Regionalny, Rzeczpospolita Polska, Ma\u0142opolska, Unia Europejska Europejski Fundusz Rozwoju Regionalnego\" src=\"https:\/\/armz.pl\/wp-content\/uploads\/2022\/11\/ss-1.jpg\" alt=\"Nag\u0142\u00f3wek z logami: Fundusze Europejskie Program Regionalny, Rzeczpospolita Polska, Ma\u0142opolska, Unia Europejska Europejski Fundusz Rozwoju Regionalnego\" width=\"1259\" height=\"150\" srcset=\"https:\/\/armz.pl\/wp-content\/uploads\/2022\/11\/ss-1.jpg 1259w, https:\/\/armz.pl\/wp-content\/uploads\/2022\/11\/ss-1-300x36.jpg 300w, https:\/\/armz.pl\/wp-content\/uploads\/2022\/11\/ss-1-1024x122.jpg 1024w, https:\/\/armz.pl\/wp-content\/uploads\/2022\/11\/ss-1-768x92.jpg 768w, https:\/\/armz.pl\/wp-content\/uploads\/2022\/11\/ss-1-260x31.jpg 260w, https:\/\/armz.pl\/wp-content\/uploads\/2022\/11\/ss-1-50x6.jpg 50w, https:\/\/armz.pl\/wp-content\/uploads\/2022\/11\/ss-1-150x18.jpg 150w\" sizes=\"auto, (max-width: 1259px) 100vw, 1259px\" \/><\/p>\n<h2 style=\"text-align: center;\"><span style=\"font-size: 18pt; color: #ff0000;\"><b>Informujemy, \u017ce z uwagi na wyczerpanie \u015brodk\u00f3w nab\u00f3r zosta\u0142 zamkni\u0119ty.<\/b><\/span><\/h2>\n<hr \/>\n<p style=\"text-align: center;\"><span style=\"color: #ff0000;\"><span style=\"font-size: 14pt;\">Informujemy, \u017ce decyzj\u0105 Ma\u0142opolskiego Funduszu Rozwoju,\u00a0Konsorcjum w sk\u0142adzie Agencja Rozwoju Ma\u0142opolski Zachodniej S.A. z siedzib\u0105 w Chrzanowie (Lider) oraz Centrum Biznesu Ma\u0142opolski Zachodniej Sp. z o.o. z siedzib\u0105 w O\u015bwi\u0119cimiu\u00a0przyznane zosta\u0142o Prawo Opcji na kwot\u0119 Dodatkowego Wk\u0142adu Funduszu Funduszy w wysoko\u015bci\u00a0\u00a0\u00a07 500 000 PLN\u00a0 na Instrument Finansowy dotycz\u0105cy Po\u017cyczki Antykryzysowej REACT-EU.<\/span><\/span><\/p>\n<p style=\"text-align: center;\"><span style=\"color: #ff0000;\"><strong><span style=\"font-size: 14pt;\">W zwi\u0105zku z powy\u017cszym, z dniem 15.09.2023 r. rusza nab\u00f3r wniosk\u00f3w do funduszu Po\u017cyczka Antykryzysowa REACT-EU.<\/span><\/strong><\/span><\/p>\n<hr \/>\n<p>Dnia\u00a0 08 listopada 2022 r. Konsorcjum w sk\u0142adzie Agencja Rozwoju Ma\u0142opolski Zachodniej S.A. z siedzib\u0105 w Chrzanowie (Lider) oraz Centrum Biznesu Ma\u0142opolski Zachodniej Sp. z o.o. z siedzib\u0105 w O\u015bwi\u0119cimiu\u00a0 podpisa\u0142o Umow\u0119 Operacyjn\u0105 z Ma\u0142opolskim Funduszem Rozwoju Sp. z o.o. na realizuj\u0119 zadania wdro\u017cenia i zarz\u0105dzania Instrumentem Finansowym \u2013 Po\u017cyczka Antykryzysowa REACT-EU o warto\u015bci 15 000 000,00 z\u0142, z kt\u00f3rego udzielane b\u0119d\u0105 po\u017cyczki dla przedsi\u0119biorstw z sektora M\u015aP prowadz\u0105cych dzia\u0142alno\u015b\u0107 na terenie wojew\u00f3dztwa ma\u0142opolskiego, kt\u00f3re planuj\u0105 inwestycje w celu zwi\u0119kszenia zdolno\u015bci (odporno\u015bci) do prowadzenia dzia\u0142alno\u015bci gospodarczej w warunkach kryzysowych.<\/p>\n<p>&nbsp;<\/p>\n<p>Po\u017cyczki finansowane s\u0105 z wk\u0142adu Funduszu Funduszy (FF) utworzonego z bud\u017cetu \u015brodk\u00f3w europejskich, przekazanych przez Wojew\u00f3dztwo Ma\u0142opolskie do Ma\u0142opolskiego Funduszu Rozwoju, kt\u00f3ry pe\u0142ni rol\u0119 Menad\u017cera FF, na podstawie Umowy o Finansowaniu w ramach dzia\u0142ania 14.2 \u201eREACT-EU dla gospodarki \u2013 instrumenty finansowe dla M\u015aP\u201d \u2013 wsp\u00f3\u0142finansowanego z Europejskiego Funduszu Rozwoju Regionalnego w ramach Regionalnego Programu Operacyjnego Wojew\u00f3dztwa Ma\u0142opolskiego na lata 2014-2020.<\/p>\n<p>Informujemy, i\u017c\u00a0<strong>w dniu 29 listopada 2022 r. o godzinie 8:00<\/strong>\u00a0Konsorcjum w sk\u0142adzie Agencja Rozwoju Ma\u0142opolski Zachodniej S.A. z siedzib\u0105 w Chrzanowie oraz Centrum Biznesu Ma\u0142opolski Zachodniej Sp. z o.o. z siedzib\u0105 w O\u015bwi\u0119cimiu\u00a0<strong>uruchomi nab\u00f3r wniosk\u00f3w na Po\u017cyczki Antykryzysowe REACT-EU<\/strong>.<\/p>\n<p>&nbsp;<\/p>\n<h3><strong><u>Warunki Po\u017cyczki Antykryzysowej REACT-EU:<\/u><\/strong><\/h3>\n<ul>\n<li>Kwota po\u017cyczki:\u00a0<strong>od 10.000 z\u0142 do 1.500.000 z\u0142<\/strong><\/li>\n<li>Okres sp\u0142aty:<strong>\u00a0do 84 miesi\u0119cy<\/strong><\/li>\n<li>Okres karencji:\u00a0<strong>do 6 miesi\u0119cy\u00a0<\/strong>(karencja nie wyd\u0142u\u017ca okresu sp\u0142aty po\u017cyczki)<\/li>\n<\/ul>\n<p>Wysoko\u015b\u0107 oprocentowania na zasadach korzystniejszych ni\u017c rynkowe:<\/p>\n<ul>\n<li>Sta\u0142e w ca\u0142ym okresie obowi\u0105zywania sp\u0142aty Jednostkowej po\u017cyczki i r\u00f3wne wysoko\u015bci <strong>1\/2<\/strong> stopy bazowej\u00a0(KE) obowi\u0105zuj\u0105cej w dniu zawarcia Umowy Inwestycyjnej, obecnie <strong>3,18%<\/strong>\u00a0w skali roku<\/li>\n<li>zmienne ustalane wed\u0142ug obowi\u0105zuj\u0105cej stopy bazowej, nie wy\u017cszej jednak ni\u017c <strong>1\/2<\/strong> stopa bazowa obowi\u0105zuj\u0105ca w dniu zawarcia Umowy Inwestycyjnej, okre\u015blanej przez Komisj\u0119 Europejsk\u0105.<\/li>\n<\/ul>\n<p>Zmiana oprocentowania mo\u017ce nast\u0105pi\u0107 na wniosek Po\u017cyczkobiorcy, nie wcze\u015bniej ni\u017c po up\u0142ywie 3 lat od podpisania Umowy Inwestycyjnej.<\/p>\n<ul>\n<li>na zasadach rynkowych dla przedsi\u0119biorc\u00f3w wykluczonych z pomocy de minimis, r\u00f3wne wysoko\u015bci stopy bazowej (KE) obowi\u0105zuj\u0105cej w dniu zawarcia Umowy Inwestycyjnej powi\u0119kszonej o mar\u017c\u0119 ustalon\u0105 przez Zarz\u0105d.<\/li>\n<\/ul>\n<ul>\n<li><strong>Brak op\u0142at i prowizji<\/strong><\/li>\n<li><strong>Bez wymogu wk\u0142adu w\u0142asnego<\/strong><\/li>\n<\/ul>\n<ul>\n<li>Grupa docelowa:\u00a0<strong>Mikro, ma\u0142e i \u015brednie przedsi\u0119biorstwa<\/strong>\u00a0posiadaj\u0105ce siedzib\u0119 lub oddzia\u0142 oraz prowadz\u0105ce dzia\u0142alno\u015b\u0107 i planuj\u0105ce inwestycje na terenie wojew\u00f3dztwa ma\u0142opolskiego<\/li>\n<li>Cel finansowania:\u00a0<strong>inwestycyjny<\/strong><\/li>\n<li>Przeznaczenie finansowania: W ramach instrumentu finansowane b\u0119d\u0105 cele inwestycje \u00a0dotycz\u0105ce dzia\u0142alno\u015bci gospodarczej danego M\u015aP prowadzonej na terenie wojew\u00f3dztwa ma\u0142opolskiego, dotycz\u0105ce co najmniej jednego ze wskazanych\u00a0<strong>przedsi\u0119wzi\u0119\u0107:<\/strong>\n<ul>\n<li>rozszerzania zakresu prowadzonej dzia\u0142alno\u015bci gospodarczej na obszary zwi\u0119kszaj\u0105ce szanse na przetrwanie przedsi\u0119biorstwa w sytuacjach kryzysowych;<\/li>\n<\/ul>\n<\/li>\n<\/ul>\n<ul>\n<li style=\"list-style-type: none;\">\n<ul>\n<li>utworzenia nowych lub odbudowy utraconych kana\u0142\u00f3w dystrybucji;<\/li>\n<li>przekwalifikowania przedsi\u0119biorstwa na nowy obszar\/obszary dzia\u0142alno\u015bci gospodarczej;<\/li>\n<li>zmiany modelu prowadzenia dzia\u0142alno\u015bci gospodarczej;<\/li>\n<li>wdro\u017cenia\/rozbudowy zakresu wykorzystania w dzia\u0142alno\u015bci przedsi\u0119biorstwa tzw. e-handlu lub innych rozwi\u0105za\u0144 cyfrowych zwi\u0119kszaj\u0105cych konkurencyjno\u015b\u0107;<\/li>\n<li>wykorzystywania w dzia\u0142alno\u015bci OZE;<\/li>\n<li>inwestycji z zakresu poprawy efektywno\u015bci energetycznej.<\/li>\n<\/ul>\n<\/li>\n<\/ul>\n<ul>\n<li>Zabezpieczenie: weksel in blanco wraz z deklaracj\u0105 wekslow\u0105 lub dobrowolne poddanie si\u0119 egzekucji w trybie art. 777 Kpc., por\u0119czenie os\u00f3b trzecich, hipoteka, zastaw rejestrowy, cesja wierzytelno\u015bci \u015brodk\u00f3w z rachunku bankowego oraz inne zaakceptowane przez \u00a0Zarz\u0105d ARMZ S.A.<\/li>\n<\/ul>\n<p>Wnioski o Po\u017cyczk\u0119 Antykryzysowa REACT-EU w ramach naboru ci\u0105g\u0142ego mo\u017cna sk\u0142ada\u0107 osobi\u015bcie, poczt\u0105 lub kurierem.<\/p>\n<p>Pliki do pobrania:<\/p>\n<ul>\n<li><a href=\"https:\/\/armz.pl\/wp-content\/uploads\/2023\/04\/REGULAMIN-21.04.2023.docx\">REGULAMIN<\/a><\/li>\n<li><a href=\"https:\/\/armz.pl\/wp-content\/uploads\/2023\/06\/WZOR-UMOWY.docx\">Wz\u00f3r umowy<\/a><\/li>\n<li><a href=\"https:\/\/armz.pl\/wp-content\/uploads\/2022\/11\/WNIOSEK-POZYCZKOWY-2.doc\">Wniosek po\u017cyczkowy<\/a><\/li>\n<li><a href=\"https:\/\/armz.pl\/wp-content\/uploads\/2022\/11\/ZAL.-NR-1A-1B-PLANOWANE-PRZEPLYWY-ORAZ-BILANS.xlsx\">Za\u0142\u0105cznik nr 1A, 1B &#8211; Planowanie przep\u0142ywy oraz bilans<\/a><\/li>\n<li><a href=\"https:\/\/armz.pl\/wp-content\/uploads\/2022\/11\/ZAL.-NR-2-OSWIADCZENIE-O-SPELNIANIU-KRYTERIOW-MSP.docx\">Za\u0142\u0105cznik nr 2 &#8211; O\u015bwiadczenie o spe\u0142nianiu kryteri\u00f3w M\u015aP<\/a><\/li>\n<li><a href=\"https:\/\/armz.pl\/wp-content\/uploads\/2022\/11\/ZAL.-NR-3-KWESTIONARIUSZ-OSOBISTY.docx\">Za\u0142\u0105cznik nr 3 &#8211; Kwestionariusz osobisty<\/a><\/li>\n<li><a href=\"https:\/\/armz.pl\/wp-content\/uploads\/2022\/11\/ZAL.-NR-4-FORMULARZ-INFORMACJI-DO-POMOCY-DE-MINIMIS.xlsx\">Za\u0142\u0105cznik nr 4 &#8211; Formularz informacji do pomocy DE MINIMIS<\/a><\/li>\n<li><a href=\"https:\/\/armz.pl\/wp-content\/uploads\/2022\/11\/ZAL.-NR-5-OSWIADCZENIE-O-OTRZYMANEJ-POMOCY-DE-MINIMIS.docx\">Za\u0142\u0105cznik nr 5 &#8211; O\u015bwiadczenie o otrzymanej pomocy DE MINIMIS<\/a><\/li>\n<li><a href=\"https:\/\/armz.pl\/wp-content\/uploads\/2022\/11\/ZAL.-NR-6-OSWIADCZENIE-O-BRAKU-OBOW.-ZWROTU-POMOCY.docx\">Za\u0142\u0105cznik nr 6 &#8211; O\u015bwiadczenie o braku obow. zwrotu pomocy<\/a><\/li>\n<li><a href=\"https:\/\/armz.pl\/wp-content\/uploads\/2022\/11\/ZAL.-NR-7-OSWIADCZENIE-O-BRAKU-WYKLUCZENIA-Z-MOZLIWOSCI-DOSTEPU-DO-SRODKOW-PUBLICZNYCH.docx\">Za\u0142\u0105cznik nr 7 &#8211; O\u015bwiadczenie o braku wykluczenia z mo\u017cliwo\u015bci dost\u0119pu do \u015brodk\u00f3w publicznych<\/a><\/li>\n<li><a href=\"https:\/\/armz.pl\/wp-content\/uploads\/2022\/11\/ZAL.-NR-8-OSWIADCZENIE-WNIOSKODAWCY-AML.docx\">Za\u0142\u0105cznik nr 8 &#8211; O\u015bwiadczenie wnioskodawcy AML<\/a><\/li>\n<li><a href=\"https:\/\/armz.pl\/wp-content\/uploads\/2022\/11\/ZAL.-NR-9-OSWIADCZENIE-O-NIEAGRESJI.docx\">Za\u0142\u0105cznik nr 9 &#8211; O\u015bwiadczenie o nieagresji<\/a><\/li>\n<\/ul>\n<p><img loading=\"lazy\" decoding=\"async\" class=\"aligncenter wp-image-2561 size-full\" title=\"Nag\u0142\u00f3wek z logami: Ma\u0142opolska Ma\u0142opolski Fundusz Rozwoju, Centrum Biznesu Ma\u0142opolski Zachodniej, Agencja Rozwoju Ma\u0142opolski Zachodniej S.A. w Chrzanowie, Ma\u0142opolska Inwestuje\" src=\"https:\/\/armz.pl\/wp-content\/uploads\/2022\/11\/aa.jpg\" alt=\"Nag\u0142\u00f3wek z logami: Ma\u0142opolska Ma\u0142opolski Fundusz Rozwoju, Centrum Biznesu Ma\u0142opolski Zachodniej, Agencja Rozwoju Ma\u0142opolski Zachodniej S.A. w Chrzanowie, Ma\u0142opolska Inwestuje\" width=\"1545\" height=\"218\" srcset=\"https:\/\/armz.pl\/wp-content\/uploads\/2022\/11\/aa.jpg 1545w, https:\/\/armz.pl\/wp-content\/uploads\/2022\/11\/aa-300x42.jpg 300w, https:\/\/armz.pl\/wp-content\/uploads\/2022\/11\/aa-1024x144.jpg 1024w, https:\/\/armz.pl\/wp-content\/uploads\/2022\/11\/aa-768x108.jpg 768w, https:\/\/armz.pl\/wp-content\/uploads\/2022\/11\/aa-1536x217.jpg 1536w, https:\/\/armz.pl\/wp-content\/uploads\/2022\/11\/aa-260x37.jpg 260w, https:\/\/armz.pl\/wp-content\/uploads\/2022\/11\/aa-50x7.jpg 50w, https:\/\/armz.pl\/wp-content\/uploads\/2022\/11\/aa-150x21.jpg 150w\" sizes=\"auto, (max-width: 1545px) 100vw, 1545px\" \/><\/p>\n","protected":false},"excerpt":{"rendered":"<p>Po\u017cyczka Antykryzysowa REACT-EU Informujemy, \u017ce z uwagi na wyczerpanie \u015brodk\u00f3w nab\u00f3r zosta\u0142 zamkni\u0119ty. Informujemy, \u017ce decyzj\u0105<\/p>\n","protected":false},"author":2,"featured_media":0,"parent":0,"menu_order":0,"comment_status":"closed","ping_status":"closed","template":"","meta":{"footnotes":""},"class_list":["post-2546","page","type-page","status-publish","hentry"],"_links":{"self":[{"href":"https:\/\/armz.pl\/index.php?rest_route=\/wp\/v2\/pages\/2546","targetHints":{"allow":["GET"]}}],"collection":[{"href":"https:\/\/armz.pl\/index.php?rest_route=\/wp\/v2\/pages"}],"about":[{"href":"https:\/\/armz.pl\/index.php?rest_route=\/wp\/v2\/types\/page"}],"author":[{"embeddable":true,"href":"https:\/\/armz.pl\/index.php?rest_route=\/wp\/v2\/users\/2"}],"replies":[{"embeddable":true,"href":"https:\/\/armz.pl\/index.php?rest_route=%2Fwp%2Fv2%2Fcomments&post=2546"}],"version-history":[{"count":23,"href":"https:\/\/armz.pl\/index.php?rest_route=\/wp\/v2\/pages\/2546\/revisions"}],"predecessor-version":[{"id":3612,"href":"https:\/\/armz.pl\/index.php?rest_route=\/wp\/v2\/pages\/2546\/revisions\/3612"}],"wp:attachment":[{"href":"https:\/\/armz.pl\/index.php?rest_route=%2Fwp%2Fv2%2Fmedia&parent=2546"}],"curies":[{"name":"wp","href":"https:\/\/api.w.org\/{rel}","templated":true}]}}