{"id":2026,"date":"2021-11-17T10:57:15","date_gmt":"2021-11-17T10:57:15","guid":{"rendered":"https:\/\/armz.pl\/?page_id=2026"},"modified":"2022-02-28T12:39:21","modified_gmt":"2022-02-28T12:39:21","slug":"rekrutacja-vii-nabor-wnioskow","status":"publish","type":"page","link":"https:\/\/armz.pl\/?page_id=2026","title":{"rendered":"Rekrutacja \u2013 VII nab\u00f3r wniosk\u00f3w"},"content":{"rendered":"<p style=\"text-align: center;\"><strong><span style=\"color: #ff0000;\"><a style=\"color: #ff0000;\" href=\"https:\/\/armz.pl\/?page_id=2096\">Wyniki VII naboru do projektu Przedsi\u0119biorca z PO WERem!<\/a><\/span><\/strong><\/p>\n<p><strong data-uw-styling-context=\"true\">Agencja Rozwoju Ma\u0142opolski Zachodniej S.A. informuje, \u017ce sk\u0142adanie wniosk\u00f3w o przyznanie wsparcia pomostowego dla uczestnik\u00f3w VII naboru projektu \u201ePrzedsi\u0119biorca z PO WERem!\u201d odb\u0119dzie si\u0119 w terminie <span data-uw-styling-context=\"true\">od 07.03.2022 r. do 11.03.2022 r.<\/span><\/strong><\/p>\n<p><strong data-uw-styling-context=\"true\">Informujemy, i\u017c VII nab\u00f3r biznesplan\u00f3w u Lidera rozpocznie si\u0119 04.02.2022 r. a zako\u0144czy 10.02.2022 r.<\/strong><\/p>\n<p><strong><span style=\"color: #ff0000;\">Agencja Rozwoju Ma\u0142opolski Zachodniej S.A. informuje o wyd\u0142u\u017ceniu naboru do dnia 27.12.2021 r.<\/span><\/strong><\/p>\n<p><strong data-uw-styling-context=\"true\">VII nab\u00f3r do projektu rozpocznie si\u0119 29.11.2021 r i potrwa do 16.12.2021 r.<\/strong><\/p>\n<p data-uw-styling-context=\"true\">Dokumenty nale\u017cy przes\u0142a\u0107 do biura projektu:<\/p>\n<p><strong data-uw-styling-context=\"true\">Agencja Rozwoju Ma\u0142opolski Zachodniej S.A.<\/strong><\/p>\n<p data-uw-styling-context=\"true\">32-500 Chrzan\u00f3w, ul. Grunwaldzka 5<\/p>\n<p data-uw-styling-context=\"true\">Tel. (32) 645-19-68 wew. 22,21<\/p>\n<p data-uw-styling-context=\"true\">e-mail:\u00a0<a href=\"mailto:przedsiebiorcazpowerem@armz.pl\" target=\"_blank\" rel=\"noopener\" data-uw-styling-context=\"true\">przedsiebiorcazpowerem<wbr \/>@armz.pl<\/a><\/p>\n<p data-uw-styling-context=\"true\">Osobi\u015bcie dokumenty mo\u017cna r\u00f3wnie\u017c z\u0142o\u017cy\u0107 w punktach terenowych:<\/p>\n<div><strong data-uw-styling-context=\"true\">My\u015blenicki O\u015brodek Kultury i Sportu<\/strong><\/div>\n<div data-uw-styling-context=\"true\">UL. Pi\u0142sudskiego 20, 32-400 My\u015blenice<\/div>\n<div data-uw-styling-context=\"true\">Parter, Sala lustrzana<\/div>\n<div data-uw-styling-context=\"true\">Mo\u017cliwo\u015b\u0107 sk\u0142adania dokument\u00f3w: 15.12.2021 r. i 16.12.2021 r. w godzinach od 9:00 do 13:00.<\/div>\n<div data-uw-styling-context=\"true\"><strong data-uw-styling-context=\"true\">Urz\u0105d Gminy i Miasta w Miechowie<\/strong><br \/>\nul. Henryka Sienkiewicza 25<br \/>\n32-200 Miech\u00f3w<\/div>\n<div data-uw-styling-context=\"true\">pok\u00f3j 318<\/div>\n<div data-uw-styling-context=\"true\">Mo\u017cliwo\u015b\u0107 sk\u0142adania dokument\u00f3w: 15.12.2021 r. i 16.12.2021 r. w godzinach od 9:00 do 13:00.<\/div>\n<div><strong data-uw-styling-context=\"true\">Gminny O\u015brodek Kultury w Koniuszy<\/strong><\/div>\n<div data-uw-styling-context=\"true\">32-104 Koniusza; 5<\/div>\n<div data-uw-styling-context=\"true\">Mo\u017cliwo\u015b\u0107 sk\u0142adania dokument\u00f3w: 15.12.2021 r. i 16.12.2021 r. w godzinach od 9:00 do 13:00.<\/div>\n<p data-uw-styling-context=\"true\">DOKUMENTY REKRUTACYJNE DO POBRANIA\u00a0<strong><a href=\"https:\/\/armz.pl\/?page_id=1225\" target=\"_blank\" rel=\"noopener\" data-saferedirecturl=\"https:\/\/www.google.com\/url?q=https:\/\/armz.pl\/?page_id%3D1225&amp;source=gmail&amp;ust=1634313289319000&amp;usg=AFQjCNHatKPMnlqBGuDJDKRjDcovYx_1JQ\" data-uw-styling-context=\"true\">\u00a0\u2013 KLIKNIJ TUTAJ<\/a><\/strong><\/p>\n<p data-uw-styling-context=\"true\">Osoby zainteresowane uczestnictwem w projekcie sk\u0142adaj\u0105 dokumenty rekrutacyjne w formie papierowej lub elektronicznej zgodnie z definicj\u0105 skutecznego dor\u0119czenia informacji Beneficjentowi przez kandydata\/tk\u0119 wskazan\u0105 w \u00a7 1 Regulaminu Rekrutacji Uczestnik\u00f3w Projektu.<\/p>\n<p data-uw-styling-context=\"true\">W VI naborze do projektu Lider zakwalifikuje max. 10 os\u00f3b.<\/p>\n<p data-uw-styling-context=\"true\">Prosimy o zapoznanie si\u0119 z Regulaminem rekrutacji, w szczeg\u00f3lno\u015bci z procedur\u0105 sk\u0142adania formularzy w formie elektronicznej i za po\u015brednictwem poczty tradycyjnej.<\/p>\n<p data-uw-styling-context=\"true\">Przed z\u0142o\u017ceniem dokument\u00f3w rekrutacyjnych\u00a0<strong data-uw-styling-context=\"true\">zalecamy konsultacje<\/strong>, kt\u00f3re prowadzone b\u0119d\u0105 telefonicznej, za po\u015brednictwem poczty elektronicznej\/ komunikator\u00f3w\/innych. Form\u0119 i terminy konsultacji prosz\u0119 ustala\u0107 telefonicznie z Liderem.<\/p>\n","protected":false},"excerpt":{"rendered":"<p>Wyniki VII naboru do projektu Przedsi\u0119biorca z PO WERem! Agencja Rozwoju Ma\u0142opolski Zachodniej S.A. informuje, \u017ce<\/p>\n","protected":false},"author":2,"featured_media":0,"parent":0,"menu_order":0,"comment_status":"closed","ping_status":"closed","template":"","meta":{"footnotes":""},"class_list":["post-2026","page","type-page","status-publish","hentry"],"_links":{"self":[{"href":"https:\/\/armz.pl\/index.php?rest_route=\/wp\/v2\/pages\/2026","targetHints":{"allow":["GET"]}}],"collection":[{"href":"https:\/\/armz.pl\/index.php?rest_route=\/wp\/v2\/pages"}],"about":[{"href":"https:\/\/armz.pl\/index.php?rest_route=\/wp\/v2\/types\/page"}],"author":[{"embeddable":true,"href":"https:\/\/armz.pl\/index.php?rest_route=\/wp\/v2\/users\/2"}],"replies":[{"embeddable":true,"href":"https:\/\/armz.pl\/index.php?rest_route=%2Fwp%2Fv2%2Fcomments&post=2026"}],"version-history":[{"count":6,"href":"https:\/\/armz.pl\/index.php?rest_route=\/wp\/v2\/pages\/2026\/revisions"}],"predecessor-version":[{"id":2208,"href":"https:\/\/armz.pl\/index.php?rest_route=\/wp\/v2\/pages\/2026\/revisions\/2208"}],"wp:attachment":[{"href":"https:\/\/armz.pl\/index.php?rest_route=%2Fwp%2Fv2%2Fmedia&parent=2026"}],"curies":[{"name":"wp","href":"https:\/\/api.w.org\/{rel}","templated":true}]}}