{"id":1472,"date":"2021-05-27T10:01:17","date_gmt":"2021-05-27T10:01:17","guid":{"rendered":"https:\/\/armz.pl\/?page_id=1472"},"modified":"2021-09-09T07:05:27","modified_gmt":"2021-09-09T07:05:27","slug":"przedsiebiorca-z-po-werem-i-nabor-wnioskow-2","status":"publish","type":"page","link":"https:\/\/armz.pl\/?page_id=1472","title":{"rendered":"Przedsi\u0119biorca z PO WEREM! &#8211; I nab\u00f3r wniosk\u00f3w"},"content":{"rendered":"<p style=\"text-align: center;\"><a href=\"https:\/\/armz.pl\/?page_id=1488\">Wynik I naboru do projektu Przedsi\u0119biorca z PO WERem!<\/a><\/p>\n<hr \/>\n<div id=\"container\" class=\"clearfix\">\n<div id=\"center-column\">\n<div class=\"row\">\n<div class=\"col-12 col-md-8 order-1 order-md-2 pl-lg-5\">\n<div class=\"centercontent pb-4\">\n<p><span style=\"text-decoration: underline;\"><strong>Agencja Rozwoju Ma\u0142opolski Zachodniej S.A. informuje, \u017ce sk\u0142adanie wniosk\u00f3w o przyznanie wsparcia pomostowego dla uczestnik\u00f3w projektu \u201ePrzedsi\u0119biorca z PO WERem!\u201d odb\u0119dzie si\u0119 w terminie <span style=\"color: #ff0000; text-decoration: underline;\">od 13.09.2021 do 17.09.2021 r.<\/span><\/strong><\/span><\/p>\n<p><span style=\"text-decoration: underline;\"><strong>Wniosek o przyznanie wsparcia pomostowego wraz z wymaganymi za\u0142\u0105cznikami mo\u017cna sk\u0142ada\u0107 osobi\u015bcie lub za po\u015brednictwem poczty. Wniosek wraz z za\u0142\u0105cznikami powinien by\u0107 wype\u0142niony czytelnie w j\u0119zyku polskim, podpisany w miejscach przeznaczonych do z\u0142o\u017cenia podpisu.<\/strong><\/span><\/p>\n<p><span style=\"text-decoration: underline;\"><strong>Szczeg\u00f3\u0142owe informacje dotycz\u0105ce procedury sk\u0142adania wniosk\u00f3w o przyznanie wsparcia pomostowego zosta\u0142y zawarte w \u201eRegulaminie przyznawania \u015brodk\u00f3w finansowych na za\u0142o\u017cenie dzia\u0142alno\u015bci gospodarczej oraz wsparcia pomostowego\u201d .<\/strong><\/span><\/p>\n<p>&nbsp;<\/p>\n<\/div>\n<\/div>\n<\/div>\n<\/div>\n<\/div>\n<p><span style=\"text-decoration: underline;\"><span style=\"font-size: 12pt;\"><strong>Informujemy, i\u017c I nab\u00f3r biznesplan\u00f3w u Lidera rozpocznie si\u0119 03.08.2021 a zako\u0144czy 09.08.2021.<\/strong><\/span><\/span><\/p>\n<p><span style=\"text-decoration: underline;\"><span style=\"font-size: 12pt;\"><strong>Biznesplany mo\u017cna sk\u0142ada\u0107 osobi\u015bcie w biurze projektu przy ul. Grunwaldzkiej 5 w Chrzanowie\u00a0 lub za po\u015brednictwem poczty tradycyjnej\/elektronicznej.<\/strong><\/span><\/span><\/p>\n<p>&nbsp;<\/p>\n<p>&nbsp;<\/p>\n<p><span style=\"font-family: tahoma, arial, helvetica, sans-serif; font-size: 12pt;\"><strong>Nab\u00f3r prowadzony przez Lidera i Partner\u00f3w<\/strong><\/span><\/p>\n<p><span style=\"font-family: tahoma, arial, helvetica, sans-serif; font-size: 12pt;\"><strong>Rekrutacja do projektu rozpocznie si\u0119\u00a006.05.2021 r i potrwa do 25.05.2021 r.<\/strong><\/span><\/p>\n<p><span style=\"font-family: tahoma, arial, helvetica, sans-serif; font-size: 12pt;\"><u>Z uwagi na obecn\u0105 sytuacj\u0119 epidemiczn\u0105 nab\u00f3r b\u0119dzie prowadzony\u00a0tylko za po\u015brednictwem poczty elektronicznej i tradycyjnej.<\/u><\/span><\/p>\n<ul>\n<li><span style=\"font-family: tahoma, arial, helvetica, sans-serif; font-size: 12pt;\">W pierwszym naborze do projektu Lider zakwalifikuje 10\u00a0 os\u00f3b.<\/span><\/li>\n<li><span style=\"font-family: tahoma, arial, helvetica, sans-serif; font-size: 12pt;\">W pierwszym naborze do projektu ka\u017cdy z Partner\u00f3w zakwalifikuje 10 os\u00f3b.<\/span><\/li>\n<\/ul>\n<p><span style=\"font-family: tahoma, arial, helvetica, sans-serif; font-size: 12pt;\">Dokumenty nale\u017cy przes\u0142a\u0107 do biura projektu:<\/span><\/p>\n<p><span style=\"font-family: tahoma, arial, helvetica, sans-serif; font-size: 12pt;\"><strong>Lidera Projektu: Agencja Rozwoju Ma\u0142opolski Zachodniej S.A.<\/strong><\/span><\/p>\n<p><span style=\"font-family: tahoma, arial, helvetica, sans-serif; font-size: 12pt;\">32-500 Chrzan\u00f3w, ul. Grunwaldzka 5<\/span><\/p>\n<p><span style=\"font-family: tahoma, arial, helvetica, sans-serif; font-size: 12pt;\">Tel. (32) 645-19-68 wew. 22,21<\/span><\/p>\n<p><span style=\"font-family: tahoma, arial, helvetica, sans-serif; font-size: 12pt;\">e-mail: <span style=\"color: #0000ff;\"><a style=\"color: #0000ff;\" href=\"mailto:przedsiebiorcazpowerem@armz.pl\">przedsiebiorcazpowerem@armz.pl<\/a><\/span><\/span><\/p>\n<p><span style=\"color: #ff0000; font-family: tahoma, arial, helvetica, sans-serif; font-size: 12pt;\">DOKUMENTY REKRUTACYJNE DO POBRANIA <strong><a href=\"https:\/\/armz.pl\/?page_id=1225\">\u00a0\u2013 KLIKNIJ KUTAJ<\/a><\/strong><\/span><\/p>\n<p><span style=\"font-family: tahoma, arial, helvetica, sans-serif; font-size: 12pt;\"><strong>albo:<\/strong><\/span><\/p>\n<p><span style=\"font-family: tahoma, arial, helvetica, sans-serif; font-size: 12pt;\"><strong>Partnera Projektu: Centrum Biznesu Ma\u0142opolski Zachodniej Sp. z o.o.<br \/>\n<\/strong>32-600 O\u015bwi\u0119cim, ul. Gospodarcza 24<\/span><br \/>\n<span style=\"font-family: tahoma, arial, helvetica, sans-serif; font-size: 12pt;\">tel. 33 844 73 44<\/span><br \/>\n<span style=\"font-family: tahoma, arial, helvetica, sans-serif; font-size: 12pt;\">e-mail:<span style=\"color: #0000ff;\">\u00a0<a style=\"color: #0000ff;\" href=\"mailto:przedsi\u0119biorcazpowerem@cbmz.pl\">przedsi\u0119biorcazpowerem@cbmz.pl<\/a><\/span><\/span><\/p>\n<p><span style=\"font-family: tahoma, arial, helvetica, sans-serif; font-size: 12pt; color: #0000ff;\"><u>www.cbmz.pl<\/u><\/span><\/p>\n<p><span style=\"font-family: tahoma, arial, helvetica, sans-serif; font-size: 12pt;\"><strong>albo:<br \/>\n<\/strong><span style=\"color: #000000;\"><strong>Partnera Projektu:\u00a0<\/strong><strong>Stowarzyszenie na Rzecz Szko\u0142y i Handlu w O\u015bwi\u0119cimiu\/Spo\u0142eczna Szko\u0142a Zarz\u0105dzania i Handlu<\/strong><\/span><strong><br \/>\n<\/strong>32-600 O\u015bwi\u0119cim, ul. Stanis\u0142awy Leszczy\u0144skiej 7<\/span><br \/>\n<span style=\"font-family: tahoma, arial, helvetica, sans-serif; font-size: 12pt;\">tel.\u00a033 847 54 73<\/span><br \/>\n<span style=\"font-family: tahoma, arial, helvetica, sans-serif; font-size: 12pt;\">e-mail:<span style=\"color: #0000ff;\"> <a style=\"color: #0000ff;\" href=\"mailto:przedsiebiorcazpowerem@szih.pl\">przedsiebiorcazpowerem@szih.pl<\/a><\/span><\/span><br \/>\n<span style=\"font-family: tahoma, arial, helvetica, sans-serif; font-size: 12pt; color: #0000ff;\"><a style=\"color: #0000ff;\" href=\"http:\/\/www.szih.pl\">www.szih.pl<\/a><\/span><\/p>\n<p><span style=\"font-family: tahoma, arial, helvetica, sans-serif; font-size: 12pt;\"><strong><u>Szczeg\u00f3\u0142y naboru prowadzonego przez Partnera\u00a0Centrum Biznesu Ma\u0142opolski Zachodniej Sp. z o.o. &#8211; tutaj<\/u><\/strong><\/span><\/p>\n<p><span style=\"font-family: tahoma, arial, helvetica, sans-serif; font-size: 12pt;\"><strong><u>Szczeg\u00f3\u0142y naboru prowadzonego przez Partnera\u00a0Stowarzyszenie na Rzecz Szko\u0142y i Handlu w O\u015bwi\u0119cimiu\/Spo\u0142eczna Szko\u0142a Zarz\u0105dzania i Handlu- tutaj<\/u><\/strong><\/span><\/p>\n<p><span style=\"font-family: tahoma, arial, helvetica, sans-serif; font-size: 12pt;\"><u>Uwaga!\u00a0Dopuszczalne jest przed\u0142o\u017cenie w ramach trwania naboru do projektu tylko jednego Formularza rekrutacyjnego do Lidera albo Partnera. W przypadku, gdy kandydat\/tka z\u0142o\u017cy wi\u0119cej ni\u017c jeden Formularz rekrutacyjny, ocenie podlega\u0142 b\u0119dzie tylko ten, kt\u00f3ry wp\u0142yn\u0105\u0142 jako pierwszy.\u00a0<\/u><\/span><\/p>\n<p><span style=\"font-family: tahoma, arial, helvetica, sans-serif; font-size: 12pt;\">Prosimy o zapoznanie si\u0119 z Regulaminem rekrutacji, w szczeg\u00f3lno\u015bci z procedur\u0105 sk\u0142adania formularzy w formie elektronicznej i za po\u015brednictwem poczty tradycyjnej.<\/span><\/p>\n<p><span style=\"font-family: tahoma, arial, helvetica, sans-serif; font-size: 12pt;\">Przed z\u0142o\u017ceniem dokument\u00f3w rekrutacyjnych zalecamy konsultacje, kt\u00f3re prowadzone b\u0119d\u0105 telefonicznej, za po\u015brednictwem poczty elektronicznej\/ komunikator\u00f3w\/innych. Form\u0119 i terminy konsultacji prosz\u0119 ustala\u0107 telefonicznie z Liderem lub Partnerem, u kt\u00f3rego zostan\u0105 z\u0142o\u017cone dokumenty.<\/span><\/p>\n<p><span style=\"font-family: tahoma, arial, helvetica, sans-serif; font-size: 12pt;\">\u015acie\u017cka wsparcia przewidziana dla Uczestnik\u00f3w w projekcie w ca\u0142o\u015bci jest realizowana wy\u0142\u0105cznie przez Lidera\/Partnera <u>do kt\u00f3rego z\u0142o\u017cono formularz rekrutacyjny.<\/u><\/span><\/p>\n","protected":false},"excerpt":{"rendered":"<p>Wynik I naboru do projektu Przedsi\u0119biorca z PO WERem! Agencja Rozwoju Ma\u0142opolski Zachodniej S.A. informuje, \u017ce<\/p>\n","protected":false},"author":3,"featured_media":0,"parent":0,"menu_order":0,"comment_status":"closed","ping_status":"closed","template":"","meta":{"footnotes":""},"class_list":["post-1472","page","type-page","status-publish","hentry"],"_links":{"self":[{"href":"https:\/\/armz.pl\/index.php?rest_route=\/wp\/v2\/pages\/1472","targetHints":{"allow":["GET"]}}],"collection":[{"href":"https:\/\/armz.pl\/index.php?rest_route=\/wp\/v2\/pages"}],"about":[{"href":"https:\/\/armz.pl\/index.php?rest_route=\/wp\/v2\/types\/page"}],"author":[{"embeddable":true,"href":"https:\/\/armz.pl\/index.php?rest_route=\/wp\/v2\/users\/3"}],"replies":[{"embeddable":true,"href":"https:\/\/armz.pl\/index.php?rest_route=%2Fwp%2Fv2%2Fcomments&post=1472"}],"version-history":[{"count":5,"href":"https:\/\/armz.pl\/index.php?rest_route=\/wp\/v2\/pages\/1472\/revisions"}],"predecessor-version":[{"id":1787,"href":"https:\/\/armz.pl\/index.php?rest_route=\/wp\/v2\/pages\/1472\/revisions\/1787"}],"wp:attachment":[{"href":"https:\/\/armz.pl\/index.php?rest_route=%2Fwp%2Fv2%2Fmedia&parent=1472"}],"curies":[{"name":"wp","href":"https:\/\/api.w.org\/{rel}","templated":true}]}}